{"id":1418,"date":"2024-01-09T11:54:45","date_gmt":"2024-01-09T10:54:45","guid":{"rendered":"https:\/\/christellebesse.com\/?page_id=1418"},"modified":"2025-07-23T18:49:10","modified_gmt":"2025-07-23T16:49:10","slug":"evenement-presse","status":"publish","type":"page","link":"https:\/\/christellebesse.com\/index.php\/evenement-presse\/","title":{"rendered":"Ev\u00e8nements \/ Presse"},"content":{"rendered":"\t\t<div data-elementor-type=\"wp-page\" data-elementor-id=\"1418\" class=\"elementor elementor-1418\">\n\t\t\t\t\t\t<section class=\"elementor-section elementor-top-section elementor-element elementor-element-50cb7f5 elementor-section-boxed elementor-section-height-default elementor-section-height-default\" data-id=\"50cb7f5\" data-element_type=\"section\" data-settings=\"{&quot;background_background&quot;:&quot;classic&quot;}\">\n\t\t\t\t\t\t<div class=\"elementor-container elementor-column-gap-default\">\n\t\t\t\t\t<div class=\"elementor-column elementor-col-100 elementor-top-column elementor-element elementor-element-38c2799\" data-id=\"38c2799\" data-element_type=\"column\">\n\t\t\t<div class=\"elementor-widget-wrap elementor-element-populated\">\n\t\t\t\t\t\t<div class=\"elementor-element elementor-element-82b27cf elementor-widget elementor-widget-text-editor\" data-id=\"82b27cf\" data-element_type=\"widget\" data-widget_type=\"text-editor.default\">\n\t\t\t\t<div class=\"elementor-widget-container\">\n\t\t\t\t\t\t\t\t\t<p>EXPOSITIONS<\/p>\t\t\t\t\t\t\t\t<\/div>\n\t\t\t\t<\/div>\n\t\t\t\t\t<\/div>\n\t\t<\/div>\n\t\t\t\t\t<\/div>\n\t\t<\/section>\n\t\t\t\t<section class=\"elementor-section elementor-top-section elementor-element elementor-element-140cb41 elementor-section-boxed elementor-section-height-default elementor-section-height-default\" data-id=\"140cb41\" data-element_type=\"section\" data-settings=\"{&quot;background_background&quot;:&quot;classic&quot;}\">\n\t\t\t\t\t\t<div class=\"elementor-container elementor-column-gap-default\">\n\t\t\t\t\t<div class=\"elementor-column elementor-col-100 elementor-top-column elementor-element elementor-element-b0d4bae\" data-id=\"b0d4bae\" data-element_type=\"column\">\n\t\t\t<div class=\"elementor-widget-wrap elementor-element-populated\">\n\t\t\t\t\t\t<div class=\"elementor-element elementor-element-f1680aa elementor-widget elementor-widget-text-editor\" data-id=\"f1680aa\" data-element_type=\"widget\" data-widget_type=\"text-editor.default\">\n\t\t\t\t<div class=\"elementor-widget-container\">\n\t\t\t\t\t\t\t\t\t<p>2025<\/p>\t\t\t\t\t\t\t\t<\/div>\n\t\t\t\t<\/div>\n\t\t\t\t\t<\/div>\n\t\t<\/div>\n\t\t\t\t\t<\/div>\n\t\t<\/section>\n\t\t\t\t<section class=\"elementor-section elementor-top-section elementor-element elementor-element-986899c elementor-section-boxed elementor-section-height-default elementor-section-height-default\" data-id=\"986899c\" data-element_type=\"section\">\n\t\t\t\t\t\t<div class=\"elementor-container elementor-column-gap-default\">\n\t\t\t\t\t<div class=\"elementor-column elementor-col-50 elementor-top-column elementor-element elementor-element-1760135\" data-id=\"1760135\" data-element_type=\"column\">\n\t\t\t<div class=\"elementor-widget-wrap elementor-element-populated\">\n\t\t\t\t\t\t<div class=\"elementor-element elementor-element-687558b elementor-widget elementor-widget-image\" data-id=\"687558b\" data-element_type=\"widget\" data-widget_type=\"image.default\">\n\t\t\t\t<div class=\"elementor-widget-container\">\n\t\t\t\t\t\t\t\t\t\t\t\t\t\t\t<img decoding=\"async\" src=\"https:\/\/christellebesse.com\/wp-content\/uploads\/2025\/01\/Affiche.jpg\" title=\"Affiche NATUR AILES\" alt=\"Affiche exposition NATUR AILES\" loading=\"lazy\" \/>\t\t\t\t\t\t\t\t\t\t\t\t\t\t\t<\/div>\n\t\t\t\t<\/div>\n\t\t\t\t\t<\/div>\n\t\t<\/div>\n\t\t\t\t<div class=\"elementor-column elementor-col-50 elementor-top-column elementor-element elementor-element-84cd1e8\" data-id=\"84cd1e8\" data-element_type=\"column\">\n\t\t\t<div class=\"elementor-widget-wrap elementor-element-populated\">\n\t\t\t\t\t\t<div class=\"elementor-element elementor-element-b8f7ef3 elementor-widget elementor-widget-text-editor\" data-id=\"b8f7ef3\" data-element_type=\"widget\" data-widget_type=\"text-editor.default\">\n\t\t\t\t<div class=\"elementor-widget-container\">\n\t\t\t\t\t\t\t\t\t<p>&#8211; Ecomus\u00e9e de la CRAU du 4 f\u00e9vrier au 12 mai 2025,&nbsp;<span style=\"background-color: var(--nv-site-bg); color: var(--nv-text-color); font-family: var(--bodyfontfamily),var(--nv-fallback-ff); font-size: var(--bodyfontsize); font-weight: var(--bodyfontweight); letter-spacing: var(--bodyletterspacing); text-transform: var(--bodytexttransform);\">Saint-Martin de Crau (13)<\/span><\/p>\t\t\t\t\t\t\t\t<\/div>\n\t\t\t\t<\/div>\n\t\t\t\t<div class=\"elementor-element elementor-element-ca90100 elementor-widget elementor-widget-text-editor\" data-id=\"ca90100\" data-element_type=\"widget\" data-widget_type=\"text-editor.default\">\n\t\t\t\t<div class=\"elementor-widget-container\">\n\t\t\t\t\t\t\t\t\t<p><blockquote class=\"wp-embedded-content\" data-secret=\"gVKYvCSo8H\"><a href=\"https:\/\/cen-paca.org\/decouvrir\/les-actualites\/exposition\/13004\/\">\u00ab\u00a0Natur\u2019ailes\u00a0\u00bb, nouvelle exposition \u00e0 l&rsquo;\u00c9comus\u00e9e de la Crau<\/a><\/blockquote><iframe class=\"wp-embedded-content\" sandbox=\"allow-scripts\" security=\"restricted\" style=\"position: absolute; visibility: hidden;\" title=\"\u00ab\u00a0\u00ab\u00a0Natur\u2019ailes\u00a0\u00bb, nouvelle exposition \u00e0 l&rsquo;\u00c9comus\u00e9e de la Crau\u00a0\u00bb &#8212; CEN Paca\" src=\"https:\/\/cen-paca.org\/decouvrir\/les-actualites\/exposition\/13004\/embed\/#?secret=ghUifCnd6L#?secret=gVKYvCSo8H\" data-secret=\"gVKYvCSo8H\" width=\"600\" height=\"338\" frameborder=\"0\" marginwidth=\"0\" marginheight=\"0\" scrolling=\"no\"><\/iframe><\/p>\t\t\t\t\t\t\t\t<\/div>\n\t\t\t\t<\/div>\n\t\t\t\t\t<\/div>\n\t\t<\/div>\n\t\t\t\t\t<\/div>\n\t\t<\/section>\n\t\t\t\t<section class=\"elementor-section elementor-top-section elementor-element elementor-element-8fa7006 elementor-section-boxed elementor-section-height-default elementor-section-height-default\" data-id=\"8fa7006\" data-element_type=\"section\">\n\t\t\t\t\t\t<div class=\"elementor-container elementor-column-gap-default\">\n\t\t\t\t\t<div class=\"elementor-column elementor-col-100 elementor-top-column elementor-element elementor-element-958f788\" data-id=\"958f788\" data-element_type=\"column\">\n\t\t\t<div class=\"elementor-widget-wrap elementor-element-populated\">\n\t\t\t\t\t\t<div class=\"elementor-element elementor-element-a26ee40 elementor-widget elementor-widget-text-editor\" data-id=\"a26ee40\" data-element_type=\"widget\" data-widget_type=\"text-editor.default\">\n\t\t\t\t<div class=\"elementor-widget-container\">\n\t\t\t\t\t\t\t\t\t<h5><br><\/h5><h5>2024<\/h5>\t\t\t\t\t\t\t\t<\/div>\n\t\t\t\t<\/div>\n\t\t\t\t<div class=\"elementor-element elementor-element-25f9995 elementor-widget__width-initial elementor-widget elementor-widget-text-editor\" data-id=\"25f9995\" data-element_type=\"widget\" data-widget_type=\"text-editor.default\">\n\t\t\t\t<div class=\"elementor-widget-container\">\n\t\t\t\t\t\t\t\t\t<p><span style=\"background-color: var(--nv-site-bg); color: var(--nv-text-color); font-family: var(--bodyfontfamily),var(--nv-fallback-ff); font-size: var(--bodyfontsize); font-weight: var(--bodyfontweight); letter-spacing: var(--bodyletterspacing); text-transform: var(--bodytexttransform);\">&#8211;\u00a0<\/span><span style=\"color: var(--nv-text-color); font-family: var(--bodyfontfamily),var(--nv-fallback-ff); font-size: var(--bodyfontsize); font-weight: var(--bodyfontweight); letter-spacing: var(--bodyletterspacing); text-transform: var(--bodytexttransform); background-color: var(--nv-site-bg);\">Domaine de l&rsquo;\u00e9tang des Aulnes,<\/span><span style=\"color: var(--nv-text-color); font-family: var(--bodyfontfamily),var(--nv-fallback-ff); font-size: var(--bodyfontsize); font-weight: var(--bodyfontweight); letter-spacing: var(--bodyletterspacing); text-transform: var(--bodytexttransform); background-color: var(--nv-site-bg);\">\u00a0Saint Martin de Crau (13)\u00a0<\/span><span style=\"background-color: var(--nv-site-bg); color: var(--nv-text-color); font-family: var(--bodyfontfamily),var(--nv-fallback-ff); font-size: var(--bodyfontsize); font-weight: var(--bodyfontweight); letter-spacing: var(--bodyletterspacing); text-transform: var(--bodytexttransform);\">&#8211; 1\u00e8re \u00e9dition de la \u00ab\u00a0F\u00eate des Coussouls\u00a0\u00bb\u00a0<\/span><span style=\"color: var(--nv-text-color); font-family: var(--bodyfontfamily),var(--nv-fallback-ff); font-size: var(--bodyfontsize); font-weight: var(--bodyfontweight); letter-spacing: var(--bodyletterspacing); text-transform: var(--bodytexttransform); background-color: var(--nv-site-bg);\">l<\/span><span style=\"color: var(--nv-text-color); font-family: var(--bodyfontfamily),var(--nv-fallback-ff); font-size: var(--bodyfontsize); font-weight: var(--bodyfontweight); letter-spacing: var(--bodyletterspacing); text-transform: var(--bodytexttransform); background-color: var(--nv-site-bg);\">e 13 octobre 2024.<\/span><\/p><p>&#8211; Salon International de l&rsquo;Aquarelle de Saint Yrieix la Perche du 20 juillet au 18 ao\u00fbt 2024.<\/p>\t\t\t\t\t\t\t\t<\/div>\n\t\t\t\t<\/div>\n\t\t\t\t\t<\/div>\n\t\t<\/div>\n\t\t\t\t\t<\/div>\n\t\t<\/section>\n\t\t\t\t<section class=\"elementor-section elementor-top-section elementor-element elementor-element-5e47649 elementor-section-boxed elementor-section-height-default elementor-section-height-default\" data-id=\"5e47649\" data-element_type=\"section\" data-settings=\"{&quot;background_background&quot;:&quot;classic&quot;}\">\n\t\t\t\t\t\t<div class=\"elementor-container elementor-column-gap-default\">\n\t\t\t\t\t<div class=\"elementor-column elementor-col-50 elementor-top-column elementor-element elementor-element-4009240\" data-id=\"4009240\" data-element_type=\"column\" data-settings=\"{&quot;background_background&quot;:&quot;classic&quot;}\">\n\t\t\t<div class=\"elementor-widget-wrap elementor-element-populated\">\n\t\t\t\t\t\t<div class=\"elementor-element elementor-element-16948e1 elementor-widget__width-initial elementor-widget elementor-widget-image\" data-id=\"16948e1\" data-element_type=\"widget\" data-widget_type=\"image.default\">\n\t\t\t\t<div class=\"elementor-widget-container\">\n\t\t\t\t\t\t\t\t\t\t\t\t\t\t\t<img fetchpriority=\"high\" decoding=\"async\" width=\"600\" height=\"849\" src=\"https:\/\/christellebesse.com\/wp-content\/uploads\/2024\/03\/affiche-provisoire-Michele-Lin2-1.jpg\" class=\"attachment-full size-full wp-image-1525\" alt=\"Affiche provisoire Salon International de l&#039;Aquarelle de St Yrieix\" srcset=\"https:\/\/christellebesse.com\/wp-content\/uploads\/2024\/03\/affiche-provisoire-Michele-Lin2-1.jpg 600w, https:\/\/christellebesse.com\/wp-content\/uploads\/2024\/03\/affiche-provisoire-Michele-Lin2-1-212x300.jpg 212w\" sizes=\"(max-width: 600px) 100vw, 600px\" \/>\t\t\t\t\t\t\t\t\t\t\t\t\t\t\t<\/div>\n\t\t\t\t<\/div>\n\t\t\t\t\t<\/div>\n\t\t<\/div>\n\t\t\t\t<div class=\"elementor-column elementor-col-50 elementor-top-column elementor-element elementor-element-1130a08\" data-id=\"1130a08\" data-element_type=\"column\" data-settings=\"{&quot;background_background&quot;:&quot;classic&quot;}\">\n\t\t\t<div class=\"elementor-widget-wrap\">\n\t\t\t\t\t\t\t<\/div>\n\t\t<\/div>\n\t\t\t\t\t<\/div>\n\t\t<\/section>\n\t\t\t\t<section class=\"elementor-section elementor-top-section elementor-element elementor-element-90cb5ff elementor-section-boxed elementor-section-height-default elementor-section-height-default\" data-id=\"90cb5ff\" data-element_type=\"section\">\n\t\t\t\t\t\t<div class=\"elementor-container elementor-column-gap-default\">\n\t\t\t\t\t<div class=\"elementor-column elementor-col-100 elementor-top-column elementor-element elementor-element-c3aac8a\" data-id=\"c3aac8a\" data-element_type=\"column\">\n\t\t\t<div class=\"elementor-widget-wrap elementor-element-populated\">\n\t\t\t\t\t\t<div class=\"elementor-element elementor-element-32e3b4c elementor-widget-divider--view-line elementor-widget elementor-widget-divider\" data-id=\"32e3b4c\" data-element_type=\"widget\" data-widget_type=\"divider.default\">\n\t\t\t\t<div class=\"elementor-widget-container\">\n\t\t\t\t\t\t\t<div class=\"elementor-divider\">\n\t\t\t<span class=\"elementor-divider-separator\">\n\t\t\t\t\t\t<\/span>\n\t\t<\/div>\n\t\t\t\t\t\t<\/div>\n\t\t\t\t<\/div>\n\t\t\t\t<div class=\"elementor-element elementor-element-91af4ec elementor-widget elementor-widget-text-editor\" data-id=\"91af4ec\" data-element_type=\"widget\" data-widget_type=\"text-editor.default\">\n\t\t\t\t<div class=\"elementor-widget-container\">\n\t\t\t\t\t\t\t\t\t<h5>Presse locale<\/h5>\t\t\t\t\t\t\t\t<\/div>\n\t\t\t\t<\/div>\n\t\t\t\t\t<\/div>\n\t\t<\/div>\n\t\t\t\t\t<\/div>\n\t\t<\/section>\n\t\t\t\t<section class=\"elementor-section elementor-top-section elementor-element elementor-element-a84998d elementor-section-boxed elementor-section-height-default elementor-section-height-default\" data-id=\"a84998d\" data-element_type=\"section\">\n\t\t\t\t\t\t<div class=\"elementor-container elementor-column-gap-default\">\n\t\t\t\t\t<div class=\"elementor-column elementor-col-50 elementor-top-column elementor-element elementor-element-db3a402\" data-id=\"db3a402\" data-element_type=\"column\" data-settings=\"{&quot;background_background&quot;:&quot;classic&quot;}\">\n\t\t\t<div class=\"elementor-widget-wrap elementor-element-populated\">\n\t\t\t\t\t\t<div class=\"elementor-element elementor-element-c49e21f elementor-widget__width-initial elementor-widget elementor-widget-image\" data-id=\"c49e21f\" data-element_type=\"widget\" data-widget_type=\"image.default\">\n\t\t\t\t<div class=\"elementor-widget-container\">\n\t\t\t\t\t\t\t\t\t\t\t\t\t\t\t<img decoding=\"async\" width=\"959\" height=\"786\" src=\"https:\/\/christellebesse.com\/wp-content\/uploads\/2024\/01\/A-ma-table-de-travail_La-Provence_.jpg\" class=\"attachment-large size-large wp-image-1424\" alt=\"Article La Provence\" srcset=\"https:\/\/christellebesse.com\/wp-content\/uploads\/2024\/01\/A-ma-table-de-travail_La-Provence_.jpg 959w, https:\/\/christellebesse.com\/wp-content\/uploads\/2024\/01\/A-ma-table-de-travail_La-Provence_-300x246.jpg 300w, https:\/\/christellebesse.com\/wp-content\/uploads\/2024\/01\/A-ma-table-de-travail_La-Provence_-768x629.jpg 768w\" sizes=\"(max-width: 959px) 100vw, 959px\" \/>\t\t\t\t\t\t\t\t\t\t\t\t\t\t\t<\/div>\n\t\t\t\t<\/div>\n\t\t\t\t\t<\/div>\n\t\t<\/div>\n\t\t\t\t<div class=\"elementor-column elementor-col-50 elementor-top-column elementor-element elementor-element-57e4724\" data-id=\"57e4724\" data-element_type=\"column\" data-settings=\"{&quot;background_background&quot;:&quot;classic&quot;}\">\n\t\t\t<div class=\"elementor-widget-wrap elementor-element-populated\">\n\t\t\t\t\t\t<div class=\"elementor-element elementor-element-5697771 elementor-widget elementor-widget-text-editor\" data-id=\"5697771\" data-element_type=\"widget\" data-widget_type=\"text-editor.default\">\n\t\t\t\t<div class=\"elementor-widget-container\">\n\t\t\t\t\t\t\t\t\t<p>\u00a0<\/p><p><strong><a href=\"https:\/\/www.laprovence.com\/article\/region\/46378761654525\/salon-christelle-besse-ou-lart-de-reveler-la-nature-en-beaute\" target=\"_blank\" rel=\"noopener\">https:\/\/www.laprovence.com\/article\/region\/46378761654525\/salon-christelle-besse-ou-lart-de-reveler-la-nature-en-beaute<\/a><\/strong><\/p>\t\t\t\t\t\t\t\t<\/div>\n\t\t\t\t<\/div>\n\t\t\t\t\t<\/div>\n\t\t<\/div>\n\t\t\t\t\t<\/div>\n\t\t<\/section>\n\t\t\t\t<section class=\"elementor-section elementor-top-section elementor-element elementor-element-f7bbeaa elementor-section-boxed elementor-section-height-default elementor-section-height-default\" data-id=\"f7bbeaa\" data-element_type=\"section\">\n\t\t\t\t\t\t<div class=\"elementor-container elementor-column-gap-default\">\n\t\t\t\t\t<div class=\"elementor-column elementor-col-100 elementor-top-column elementor-element elementor-element-d430da8\" data-id=\"d430da8\" data-element_type=\"column\">\n\t\t\t<div class=\"elementor-widget-wrap elementor-element-populated\">\n\t\t\t\t\t\t<div class=\"elementor-element elementor-element-2239000 elementor-widget-divider--view-line elementor-widget elementor-widget-divider\" data-id=\"2239000\" data-element_type=\"widget\" data-widget_type=\"divider.default\">\n\t\t\t\t<div class=\"elementor-widget-container\">\n\t\t\t\t\t\t\t<div class=\"elementor-divider\">\n\t\t\t<span class=\"elementor-divider-separator\">\n\t\t\t\t\t\t<\/span>\n\t\t<\/div>\n\t\t\t\t\t\t<\/div>\n\t\t\t\t<\/div>\n\t\t\t\t<div class=\"elementor-element elementor-element-586aeaf elementor-widget elementor-widget-text-editor\" data-id=\"586aeaf\" data-element_type=\"widget\" data-widget_type=\"text-editor.default\">\n\t\t\t\t<div class=\"elementor-widget-container\">\n\t\t\t\t\t\t\t\t\t<h5>Magasine Savoir Animal<\/h5>\t\t\t\t\t\t\t\t<\/div>\n\t\t\t\t<\/div>\n\t\t\t\t<div class=\"elementor-element elementor-element-0d8e450 elementor-widget__width-initial elementor-widget elementor-widget-text-editor\" data-id=\"0d8e450\" data-element_type=\"widget\" data-widget_type=\"text-editor.default\">\n\t\t\t\t<div class=\"elementor-widget-container\">\n\t\t\t\t\t\t\t\t\t<p>Depuis 2022, je suis contributrice pour le magasine <strong>Savoir Animal.<\/strong><\/p>\t\t\t\t\t\t\t\t<\/div>\n\t\t\t\t<\/div>\n\t\t\t\t\t<\/div>\n\t\t<\/div>\n\t\t\t\t\t<\/div>\n\t\t<\/section>\n\t\t\t\t<section class=\"elementor-section elementor-top-section elementor-element elementor-element-36995f9 elementor-section-boxed elementor-section-height-default elementor-section-height-default\" data-id=\"36995f9\" data-element_type=\"section\">\n\t\t\t\t\t\t<div class=\"elementor-container elementor-column-gap-default\">\n\t\t\t\t\t<div class=\"elementor-column elementor-col-50 elementor-top-column elementor-element elementor-element-39db1a4\" data-id=\"39db1a4\" data-element_type=\"column\" data-settings=\"{&quot;background_background&quot;:&quot;classic&quot;}\">\n\t\t\t<div class=\"elementor-widget-wrap elementor-element-populated\">\n\t\t\t\t\t\t<div class=\"elementor-element elementor-element-85ecbb1 elementor-widget__width-initial elementor-widget elementor-widget-image\" data-id=\"85ecbb1\" data-element_type=\"widget\" data-widget_type=\"image.default\">\n\t\t\t\t<div class=\"elementor-widget-container\">\n\t\t\t\t\t\t\t\t\t\t\t\t\t\t\t<img decoding=\"async\" width=\"1024\" height=\"635\" src=\"https:\/\/christellebesse.com\/wp-content\/uploads\/2024\/01\/Illustrations-animalieres-comme-un-miroir-de-nous-memes-1024x635.jpg\" class=\"attachment-large size-large wp-image-1449\" alt=\"Des illustrations animali\u00e8res comme un miroir de nous m\u00eames - Savoir Animal n\u00b09\" srcset=\"https:\/\/christellebesse.com\/wp-content\/uploads\/2024\/01\/Illustrations-animalieres-comme-un-miroir-de-nous-memes-1024x635.jpg 1024w, https:\/\/christellebesse.com\/wp-content\/uploads\/2024\/01\/Illustrations-animalieres-comme-un-miroir-de-nous-memes-300x186.jpg 300w, https:\/\/christellebesse.com\/wp-content\/uploads\/2024\/01\/Illustrations-animalieres-comme-un-miroir-de-nous-memes-768x476.jpg 768w, https:\/\/christellebesse.com\/wp-content\/uploads\/2024\/01\/Illustrations-animalieres-comme-un-miroir-de-nous-memes.jpg 1500w\" sizes=\"(max-width: 1024px) 100vw, 1024px\" \/>\t\t\t\t\t\t\t\t\t\t\t\t\t\t\t<\/div>\n\t\t\t\t<\/div>\n\t\t\t\t\t<\/div>\n\t\t<\/div>\n\t\t\t\t<div class=\"elementor-column elementor-col-50 elementor-top-column elementor-element elementor-element-0ab8296\" data-id=\"0ab8296\" data-element_type=\"column\" data-settings=\"{&quot;background_background&quot;:&quot;classic&quot;}\">\n\t\t\t<div class=\"elementor-widget-wrap elementor-element-populated\">\n\t\t\t\t\t\t<div class=\"elementor-element elementor-element-57ba4bb elementor-widget elementor-widget-text-editor\" data-id=\"57ba4bb\" data-element_type=\"widget\" data-widget_type=\"text-editor.default\">\n\t\t\t\t<div class=\"elementor-widget-container\">\n\t\t\t\t\t\t\t\t\t<h6>\u00a0<\/h6><h6><a href=\"https:\/\/savoir-animal.fr\/illustrations-animalieres-miroir-nous-meme\" target=\"_blank\" rel=\"noopener\">https:\/\/savoir-animal.fr\/illustrations-animalieres-miroir-nous-meme<\/a><\/h6>\t\t\t\t\t\t\t\t<\/div>\n\t\t\t\t<\/div>\n\t\t\t\t\t<\/div>\n\t\t<\/div>\n\t\t\t\t\t<\/div>\n\t\t<\/section>\n\t\t\t\t<section class=\"elementor-section elementor-top-section elementor-element elementor-element-8a580d8 elementor-section-boxed elementor-section-height-default elementor-section-height-default\" data-id=\"8a580d8\" data-element_type=\"section\" data-settings=\"{&quot;background_background&quot;:&quot;classic&quot;}\">\n\t\t\t\t\t\t<div class=\"elementor-container elementor-column-gap-default\">\n\t\t\t\t\t<div class=\"elementor-column elementor-col-100 elementor-top-column elementor-element elementor-element-0d05084\" data-id=\"0d05084\" data-element_type=\"column\" data-settings=\"{&quot;background_background&quot;:&quot;classic&quot;}\">\n\t\t\t<div class=\"elementor-widget-wrap elementor-element-populated\">\n\t\t\t\t\t\t<div class=\"elementor-element elementor-element-9b9a617 elementor-widget elementor-widget-spacer\" data-id=\"9b9a617\" data-element_type=\"widget\" data-widget_type=\"spacer.default\">\n\t\t\t\t<div class=\"elementor-widget-container\">\n\t\t\t\t\t\t\t<div class=\"elementor-spacer\">\n\t\t\t<div class=\"elementor-spacer-inner\"><\/div>\n\t\t<\/div>\n\t\t\t\t\t\t<\/div>\n\t\t\t\t<\/div>\n\t\t\t\t\t<\/div>\n\t\t<\/div>\n\t\t\t\t\t<\/div>\n\t\t<\/section>\n\t\t\t\t<section class=\"elementor-section elementor-top-section elementor-element elementor-element-5424fee elementor-section-boxed elementor-section-height-default elementor-section-height-default\" data-id=\"5424fee\" data-element_type=\"section\">\n\t\t\t\t\t\t<div class=\"elementor-container elementor-column-gap-default\">\n\t\t\t\t\t<div class=\"elementor-column elementor-col-50 elementor-top-column elementor-element elementor-element-13a59d6\" data-id=\"13a59d6\" data-element_type=\"column\" data-settings=\"{&quot;background_background&quot;:&quot;classic&quot;}\">\n\t\t\t<div class=\"elementor-widget-wrap elementor-element-populated\">\n\t\t\t\t\t\t<div class=\"elementor-element elementor-element-b2977be elementor-widget__width-initial elementor-widget elementor-widget-image\" data-id=\"b2977be\" data-element_type=\"widget\" data-widget_type=\"image.default\">\n\t\t\t\t<div class=\"elementor-widget-container\">\n\t\t\t\t\t\t\t\t\t\t\t\t\t\t\t<img loading=\"lazy\" decoding=\"async\" width=\"1024\" height=\"651\" src=\"https:\/\/christellebesse.com\/wp-content\/uploads\/2024\/01\/Illustration-naturaliste_Ode-a-la-biodiversite-1024x651.jpg\" class=\"attachment-large size-large wp-image-1448\" alt=\"Illustration naturaliste Une Ode \u00e0 la biodiversit\u00e9 - Savoir Animal n\u00b013\" srcset=\"https:\/\/christellebesse.com\/wp-content\/uploads\/2024\/01\/Illustration-naturaliste_Ode-a-la-biodiversite-1024x651.jpg 1024w, https:\/\/christellebesse.com\/wp-content\/uploads\/2024\/01\/Illustration-naturaliste_Ode-a-la-biodiversite-300x191.jpg 300w, https:\/\/christellebesse.com\/wp-content\/uploads\/2024\/01\/Illustration-naturaliste_Ode-a-la-biodiversite-768x488.jpg 768w, https:\/\/christellebesse.com\/wp-content\/uploads\/2024\/01\/Illustration-naturaliste_Ode-a-la-biodiversite.jpg 1500w\" sizes=\"(max-width: 1024px) 100vw, 1024px\" \/>\t\t\t\t\t\t\t\t\t\t\t\t\t\t\t<\/div>\n\t\t\t\t<\/div>\n\t\t\t\t\t<\/div>\n\t\t<\/div>\n\t\t\t\t<div class=\"elementor-column elementor-col-50 elementor-top-column elementor-element elementor-element-10b20b6\" data-id=\"10b20b6\" data-element_type=\"column\" data-settings=\"{&quot;background_background&quot;:&quot;classic&quot;}\">\n\t\t\t<div class=\"elementor-widget-wrap elementor-element-populated\">\n\t\t\t\t\t\t<div class=\"elementor-element elementor-element-51ea81e elementor-widget elementor-widget-text-editor\" data-id=\"51ea81e\" data-element_type=\"widget\" data-widget_type=\"text-editor.default\">\n\t\t\t\t<div class=\"elementor-widget-container\">\n\t\t\t\t\t\t\t\t\t<h6>\u00a0<\/h6><h6><a href=\"https:\/\/savoir-animal.fr\/art-naturaliste-ode-biodiversite\/\" target=\"_blank\" rel=\"noopener\">https:\/\/savoir-animal.fr\/art-naturaliste-ode-biodiversite\/<\/a><\/h6>\t\t\t\t\t\t\t\t<\/div>\n\t\t\t\t<\/div>\n\t\t\t\t\t<\/div>\n\t\t<\/div>\n\t\t\t\t\t<\/div>\n\t\t<\/section>\n\t\t\t\t<section class=\"elementor-section elementor-top-section elementor-element elementor-element-a985638 elementor-section-boxed elementor-section-height-default elementor-section-height-default\" data-id=\"a985638\" data-element_type=\"section\" data-settings=\"{&quot;background_background&quot;:&quot;classic&quot;}\">\n\t\t\t\t\t\t<div class=\"elementor-container elementor-column-gap-default\">\n\t\t\t\t\t<div class=\"elementor-column elementor-col-100 elementor-top-column elementor-element elementor-element-3642549\" data-id=\"3642549\" data-element_type=\"column\" data-settings=\"{&quot;background_background&quot;:&quot;classic&quot;}\">\n\t\t\t<div class=\"elementor-widget-wrap elementor-element-populated\">\n\t\t\t\t\t\t<div class=\"elementor-element elementor-element-026bfd3 elementor-widget elementor-widget-spacer\" data-id=\"026bfd3\" data-element_type=\"widget\" data-widget_type=\"spacer.default\">\n\t\t\t\t<div class=\"elementor-widget-container\">\n\t\t\t\t\t\t\t<div class=\"elementor-spacer\">\n\t\t\t<div class=\"elementor-spacer-inner\"><\/div>\n\t\t<\/div>\n\t\t\t\t\t\t<\/div>\n\t\t\t\t<\/div>\n\t\t\t\t\t<\/div>\n\t\t<\/div>\n\t\t\t\t\t<\/div>\n\t\t<\/section>\n\t\t\t\t<\/div>\n\t\t","protected":false},"excerpt":{"rendered":"<p>EXPOSITIONS 2025 &#8211; Ecomus\u00e9e de la CRAU du 4 f\u00e9vrier au 12 mai 2025,&nbsp;Saint-Martin de Crau (13) \u00ab\u00a0Natur\u2019ailes\u00a0\u00bb, nouvelle exposition \u00e0 l&rsquo;\u00c9comus\u00e9e de la Crau 2024 &#8211;\u00a0Domaine de l&rsquo;\u00e9tang des Aulnes,\u00a0Saint Martin de Crau (13)\u00a0&#8211; 1\u00e8re \u00e9dition de la \u00ab\u00a0F\u00eate des Coussouls\u00a0\u00bb\u00a0le 13 octobre 2024. &#8211; Salon International de l&rsquo;Aquarelle de Saint Yrieix la Perche&hellip;&nbsp;<a href=\"https:\/\/christellebesse.com\/index.php\/evenement-presse\/\" class=\"\" rel=\"bookmark\">Lire la suite &raquo;<span class=\"screen-reader-text\">Ev\u00e8nements \/ Presse<\/span><\/a><\/p>\n","protected":false},"author":1,"featured_media":0,"parent":0,"menu_order":0,"comment_status":"closed","ping_status":"closed","template":"elementor_header_footer","meta":{"neve_meta_sidebar":"full-width","neve_meta_container":"contained","neve_meta_enable_content_width":"on","neve_meta_content_width":100,"neve_meta_title_alignment":"","neve_meta_author_avatar":"","neve_post_elements_order":"","neve_meta_disable_header":"","neve_meta_disable_footer":"","neve_meta_disable_title":"","footnotes":""},"class_list":["post-1418","page","type-page","status-publish","hentry"],"yoast_head":"<!-- This site is optimized with the Yoast SEO plugin v26.5 - https:\/\/yoast.com\/wordpress\/plugins\/seo\/ -->\n<title>Ev\u00e8nements \/ Presse - ChristelleBESSE - Artiste et Illustratrice<\/title>\n<meta name=\"description\" content=\"Ev\u00e8nements \/ Presse\" \/>\n<meta name=\"robots\" content=\"index, follow, max-snippet:-1, max-image-preview:large, max-video-preview:-1\" \/>\n<link rel=\"canonical\" href=\"https:\/\/christellebesse.com\/index.php\/evenement-presse\/\" \/>\n<meta property=\"og:locale\" content=\"fr_FR\" \/>\n<meta property=\"og:type\" content=\"article\" \/>\n<meta property=\"og:title\" content=\"Ev\u00e8nements \/ Presse - ChristelleBESSE - Artiste et Illustratrice\" \/>\n<meta property=\"og:description\" content=\"Ev\u00e8nements \/ Presse\" \/>\n<meta property=\"og:url\" content=\"https:\/\/christellebesse.com\/index.php\/evenement-presse\/\" \/>\n<meta property=\"og:site_name\" content=\"ChristelleBESSE - Artiste et Illustratrice\" \/>\n<meta property=\"article:publisher\" content=\"https:\/\/www.facebook.com\/christelle.besse.79\/\" \/>\n<meta property=\"article:modified_time\" content=\"2025-07-23T16:49:10+00:00\" \/>\n<meta property=\"og:image\" content=\"http:\/\/christellebesse.com\/wp-content\/uploads\/elementor\/thumbs\/Affiche-r0mfe9zgpmx7smvzarzkv2euc7xtsezw8uvt9360rc.jpg\" \/>\n<meta name=\"twitter:card\" content=\"summary_large_image\" \/>\n<meta name=\"twitter:label1\" content=\"Dur\u00e9e de lecture estim\u00e9e\" \/>\n\t<meta name=\"twitter:data1\" content=\"2 minutes\" \/>\n<script type=\"application\/ld+json\" class=\"yoast-schema-graph\">{\"@context\":\"https:\/\/schema.org\",\"@graph\":[{\"@type\":\"WebPage\",\"@id\":\"https:\/\/christellebesse.com\/index.php\/evenement-presse\/\",\"url\":\"https:\/\/christellebesse.com\/index.php\/evenement-presse\/\",\"name\":\"Ev\u00e8nements \/ Presse - ChristelleBESSE - Artiste et Illustratrice\",\"isPartOf\":{\"@id\":\"https:\/\/christellebesse.com\/#website\"},\"primaryImageOfPage\":{\"@id\":\"https:\/\/christellebesse.com\/index.php\/evenement-presse\/#primaryimage\"},\"image\":{\"@id\":\"https:\/\/christellebesse.com\/index.php\/evenement-presse\/#primaryimage\"},\"thumbnailUrl\":\"http:\/\/christellebesse.com\/wp-content\/uploads\/elementor\/thumbs\/Affiche-r0mfe9zgpmx7smvzarzkv2euc7xtsezw8uvt9360rc.jpg\",\"datePublished\":\"2024-01-09T10:54:45+00:00\",\"dateModified\":\"2025-07-23T16:49:10+00:00\",\"description\":\"Ev\u00e8nements \/ Presse\",\"breadcrumb\":{\"@id\":\"https:\/\/christellebesse.com\/index.php\/evenement-presse\/#breadcrumb\"},\"inLanguage\":\"fr-FR\",\"potentialAction\":[{\"@type\":\"ReadAction\",\"target\":[\"https:\/\/christellebesse.com\/index.php\/evenement-presse\/\"]}]},{\"@type\":\"ImageObject\",\"inLanguage\":\"fr-FR\",\"@id\":\"https:\/\/christellebesse.com\/index.php\/evenement-presse\/#primaryimage\",\"url\":\"http:\/\/christellebesse.com\/wp-content\/uploads\/elementor\/thumbs\/Affiche-r0mfe9zgpmx7smvzarzkv2euc7xtsezw8uvt9360rc.jpg\",\"contentUrl\":\"http:\/\/christellebesse.com\/wp-content\/uploads\/elementor\/thumbs\/Affiche-r0mfe9zgpmx7smvzarzkv2euc7xtsezw8uvt9360rc.jpg\"},{\"@type\":\"BreadcrumbList\",\"@id\":\"https:\/\/christellebesse.com\/index.php\/evenement-presse\/#breadcrumb\",\"itemListElement\":[{\"@type\":\"ListItem\",\"position\":1,\"name\":\"Accueil\",\"item\":\"https:\/\/christellebesse.com\/\"},{\"@type\":\"ListItem\",\"position\":2,\"name\":\"Ev\u00e8nements \/ Presse\"}]},{\"@type\":\"WebSite\",\"@id\":\"https:\/\/christellebesse.com\/#website\",\"url\":\"https:\/\/christellebesse.com\/\",\"name\":\"ChristelleBESSE - Artiste et Illustratrice\",\"description\":\"ChristelleBESSE - Illustratrice\",\"publisher\":{\"@id\":\"https:\/\/christellebesse.com\/#\/schema\/person\/8e80be334482e71b8ef21c26f585c585\"},\"alternateName\":\"Christelle BESSE\",\"potentialAction\":[{\"@type\":\"SearchAction\",\"target\":{\"@type\":\"EntryPoint\",\"urlTemplate\":\"https:\/\/christellebesse.com\/?s={search_term_string}\"},\"query-input\":{\"@type\":\"PropertyValueSpecification\",\"valueRequired\":true,\"valueName\":\"search_term_string\"}}],\"inLanguage\":\"fr-FR\"},{\"@type\":[\"Person\",\"Organization\"],\"@id\":\"https:\/\/christellebesse.com\/#\/schema\/person\/8e80be334482e71b8ef21c26f585c585\",\"name\":\"admin9276\",\"image\":{\"@type\":\"ImageObject\",\"inLanguage\":\"fr-FR\",\"@id\":\"https:\/\/christellebesse.com\/#\/schema\/person\/image\/\",\"url\":\"https:\/\/christellebesse.com\/wp-content\/uploads\/2023\/07\/Macaron-CB2-1-scaled.jpg\",\"contentUrl\":\"https:\/\/christellebesse.com\/wp-content\/uploads\/2023\/07\/Macaron-CB2-1-scaled.jpg\",\"width\":2560,\"height\":2560,\"caption\":\"admin9276\"},\"logo\":{\"@id\":\"https:\/\/christellebesse.com\/#\/schema\/person\/image\/\"},\"description\":\"Artiste, illustratrice professionnelle depuis 2022, bas\u00e9e en Provence.\",\"sameAs\":[\"https:\/\/christellebesse.com\",\"https:\/\/www.facebook.com\/christelle.besse.79\/\",\"https:\/\/www.instagram.com\/__christellebesse__\/\",\"https:\/\/www.linkedin.com\/in\/christellebesse-art\/\"]}]}<\/script>\n<!-- \/ Yoast SEO plugin. -->","yoast_head_json":{"title":"Ev\u00e8nements \/ Presse - ChristelleBESSE - Artiste et Illustratrice","description":"Ev\u00e8nements \/ Presse","robots":{"index":"index","follow":"follow","max-snippet":"max-snippet:-1","max-image-preview":"max-image-preview:large","max-video-preview":"max-video-preview:-1"},"canonical":"https:\/\/christellebesse.com\/index.php\/evenement-presse\/","og_locale":"fr_FR","og_type":"article","og_title":"Ev\u00e8nements \/ Presse - ChristelleBESSE - Artiste et Illustratrice","og_description":"Ev\u00e8nements \/ Presse","og_url":"https:\/\/christellebesse.com\/index.php\/evenement-presse\/","og_site_name":"ChristelleBESSE - Artiste et Illustratrice","article_publisher":"https:\/\/www.facebook.com\/christelle.besse.79\/","article_modified_time":"2025-07-23T16:49:10+00:00","og_image":[{"url":"http:\/\/christellebesse.com\/wp-content\/uploads\/elementor\/thumbs\/Affiche-r0mfe9zgpmx7smvzarzkv2euc7xtsezw8uvt9360rc.jpg","type":"","width":"","height":""}],"twitter_card":"summary_large_image","twitter_misc":{"Dur\u00e9e de lecture estim\u00e9e":"2 minutes"},"schema":{"@context":"https:\/\/schema.org","@graph":[{"@type":"WebPage","@id":"https:\/\/christellebesse.com\/index.php\/evenement-presse\/","url":"https:\/\/christellebesse.com\/index.php\/evenement-presse\/","name":"Ev\u00e8nements \/ Presse - ChristelleBESSE - Artiste et Illustratrice","isPartOf":{"@id":"https:\/\/christellebesse.com\/#website"},"primaryImageOfPage":{"@id":"https:\/\/christellebesse.com\/index.php\/evenement-presse\/#primaryimage"},"image":{"@id":"https:\/\/christellebesse.com\/index.php\/evenement-presse\/#primaryimage"},"thumbnailUrl":"http:\/\/christellebesse.com\/wp-content\/uploads\/elementor\/thumbs\/Affiche-r0mfe9zgpmx7smvzarzkv2euc7xtsezw8uvt9360rc.jpg","datePublished":"2024-01-09T10:54:45+00:00","dateModified":"2025-07-23T16:49:10+00:00","description":"Ev\u00e8nements \/ Presse","breadcrumb":{"@id":"https:\/\/christellebesse.com\/index.php\/evenement-presse\/#breadcrumb"},"inLanguage":"fr-FR","potentialAction":[{"@type":"ReadAction","target":["https:\/\/christellebesse.com\/index.php\/evenement-presse\/"]}]},{"@type":"ImageObject","inLanguage":"fr-FR","@id":"https:\/\/christellebesse.com\/index.php\/evenement-presse\/#primaryimage","url":"http:\/\/christellebesse.com\/wp-content\/uploads\/elementor\/thumbs\/Affiche-r0mfe9zgpmx7smvzarzkv2euc7xtsezw8uvt9360rc.jpg","contentUrl":"http:\/\/christellebesse.com\/wp-content\/uploads\/elementor\/thumbs\/Affiche-r0mfe9zgpmx7smvzarzkv2euc7xtsezw8uvt9360rc.jpg"},{"@type":"BreadcrumbList","@id":"https:\/\/christellebesse.com\/index.php\/evenement-presse\/#breadcrumb","itemListElement":[{"@type":"ListItem","position":1,"name":"Accueil","item":"https:\/\/christellebesse.com\/"},{"@type":"ListItem","position":2,"name":"Ev\u00e8nements \/ Presse"}]},{"@type":"WebSite","@id":"https:\/\/christellebesse.com\/#website","url":"https:\/\/christellebesse.com\/","name":"ChristelleBESSE - Artiste et Illustratrice","description":"ChristelleBESSE - Illustratrice","publisher":{"@id":"https:\/\/christellebesse.com\/#\/schema\/person\/8e80be334482e71b8ef21c26f585c585"},"alternateName":"Christelle BESSE","potentialAction":[{"@type":"SearchAction","target":{"@type":"EntryPoint","urlTemplate":"https:\/\/christellebesse.com\/?s={search_term_string}"},"query-input":{"@type":"PropertyValueSpecification","valueRequired":true,"valueName":"search_term_string"}}],"inLanguage":"fr-FR"},{"@type":["Person","Organization"],"@id":"https:\/\/christellebesse.com\/#\/schema\/person\/8e80be334482e71b8ef21c26f585c585","name":"admin9276","image":{"@type":"ImageObject","inLanguage":"fr-FR","@id":"https:\/\/christellebesse.com\/#\/schema\/person\/image\/","url":"https:\/\/christellebesse.com\/wp-content\/uploads\/2023\/07\/Macaron-CB2-1-scaled.jpg","contentUrl":"https:\/\/christellebesse.com\/wp-content\/uploads\/2023\/07\/Macaron-CB2-1-scaled.jpg","width":2560,"height":2560,"caption":"admin9276"},"logo":{"@id":"https:\/\/christellebesse.com\/#\/schema\/person\/image\/"},"description":"Artiste, illustratrice professionnelle depuis 2022, bas\u00e9e en Provence.","sameAs":["https:\/\/christellebesse.com","https:\/\/www.facebook.com\/christelle.besse.79\/","https:\/\/www.instagram.com\/__christellebesse__\/","https:\/\/www.linkedin.com\/in\/christellebesse-art\/"]}]}},"_links":{"self":[{"href":"https:\/\/christellebesse.com\/index.php\/wp-json\/wp\/v2\/pages\/1418","targetHints":{"allow":["GET"]}}],"collection":[{"href":"https:\/\/christellebesse.com\/index.php\/wp-json\/wp\/v2\/pages"}],"about":[{"href":"https:\/\/christellebesse.com\/index.php\/wp-json\/wp\/v2\/types\/page"}],"author":[{"embeddable":true,"href":"https:\/\/christellebesse.com\/index.php\/wp-json\/wp\/v2\/users\/1"}],"replies":[{"embeddable":true,"href":"https:\/\/christellebesse.com\/index.php\/wp-json\/wp\/v2\/comments?post=1418"}],"version-history":[{"count":91,"href":"https:\/\/christellebesse.com\/index.php\/wp-json\/wp\/v2\/pages\/1418\/revisions"}],"predecessor-version":[{"id":2202,"href":"https:\/\/christellebesse.com\/index.php\/wp-json\/wp\/v2\/pages\/1418\/revisions\/2202"}],"wp:attachment":[{"href":"https:\/\/christellebesse.com\/index.php\/wp-json\/wp\/v2\/media?parent=1418"}],"curies":[{"name":"wp","href":"https:\/\/api.w.org\/{rel}","templated":true}]}}